{"id":70,"date":"2026-03-23T13:17:37","date_gmt":"2026-03-23T12:17:37","guid":{"rendered":"https:\/\/site23.monsitecommeunpro.fr\/?page_id=70"},"modified":"2026-04-13T10:37:25","modified_gmt":"2026-04-13T08:37:25","slug":"gorges-du-verdon","status":"publish","type":"page","link":"https:\/\/site23.monsitecommeunpro.fr\/?page_id=70","title":{"rendered":"Gorges du Verdon"},"content":{"rendered":"\n<p>A l&rsquo;occasion du pont de l&rsquo;Ascension, <\/p>\n\n\n\n<p>Nous avons d\u00e9cid\u00e9 de fermer. Du jeudi 14 Mai inclus au Dimanche 17 Mai inclus <\/p>\n\n\n\n<p>Mais&#8230;<\/p>\n\n\n\n<p> Du Jeudi 14 Mai au Dimanche 17 Mai<\/p>\n\n\n\n<p> nous avons d\u00e9cidez de faire un s\u00e9jour dans les gorges du verdon.<\/p>\n\n\n\n<p>Pour s&rsquo;inscrire \u00e0 un des parcours merci de cliquer sur le lien et de nous le renvoyer <\/p>\n\n\n\n<div class=\"wp-block-uagb-buttons uagb-buttons__outer-wrap uagb-btn__default-btn uagb-btn-tablet__default-btn uagb-btn-mobile__default-btn uagb-block-5a6370f8\"><div class=\"uagb-buttons__wrap uagb-buttons-layout-wrap \">\n<div class=\"wp-block-uagb-buttons-child uagb-buttons__outer-wrap uagb-block-aa072f2a wp-block-button\" id=\"https:\/\/drive.google.com\/file\/d\/1j57qNzW_1UwXtYtId7k1JBA9MxcXuKn3\/view\"><div class=\"uagb-button__wrapper\"><a class=\"uagb-buttons-repeater wp-block-button__link\" aria-label=\"\" href=\"https:\/\/docs.google.com\/document\/d\/1j57qNzW_1UwXtYtId7k1JBA9MxcXuKn3\/edit\" rel=\"follow noopener\" target=\"_blank\" role=\"button\"><div class=\"uagb-button__link\">T\u00e9l\u00e9charger<\/div><span class=\"uagb-button__icon uagb-button__icon-position-after\"><svg xmlns=\"https:\/\/www.w3.org\/2000\/svg\" viewBox=\"0 0 448 512\" aria-hidden=\"true\" focussable=\"false\"><path d=\"M438.6 278.6l-160 160C272.4 444.9 264.2 448 256 448s-16.38-3.125-22.62-9.375c-12.5-12.5-12.5-32.75 0-45.25L338.8 288H32C14.33 288 .0016 273.7 .0016 256S14.33 224 32 224h306.8l-105.4-105.4c-12.5-12.5-12.5-32.75 0-45.25s32.75-12.5 45.25 0l160 160C451.1 245.9 451.1 266.1 438.6 278.6z\"><\/path><\/svg><\/span><\/a><\/div><\/div>\n<\/div><\/div>\n\n\n\n<p><\/p>\n\n\n\n<p>Pour le bon d\u00e9roulement du s\u00e9jour merci de ne pas oublier : <\/p>\n\n\n\n<ul class=\"wp-block-list\">\n<li>Un t\u00e9l\u00e9phone charg\u00e9 <\/li>\n\n\n\n<li>1,5 \u00e0 2 litres d&rsquo;eau minimum <\/li>\n\n\n\n<li>Un sac \u00e0 dos confortable <\/li>\n\n\n\n<li>Chaussures de randonn\u00e9es <\/li>\n\n\n\n<li>Cr\u00e8me solaire <\/li>\n\n\n\n<li>Une casquette \/ un chapeau <\/li>\n\n\n\n<li>Lunettes de soleil <\/li>\n\n\n\n<li>De la nourriture en barre ou en gel  <\/li>\n<\/ul>\n\n\n\n<p><\/p>\n\n\n\n<p>Pour se faire nous avons eu l&rsquo;id\u00e9e de 3 parcours : <\/p>\n\n\n\n<ul class=\"wp-block-list\">\n<li>Loisir : Sentier Vidal<\/li>\n\n\n\n<li>D\u00e9butant : Sentier  Blanc Martel <\/li>\n\n\n\n<li>Expert : Sentier de l&rsquo;Imbut <\/li>\n<\/ul>\n\n\n\n<p><\/p>\n\n\n\n<p>Le parcours loisir: <\/p>\n\n\n\n<p>C&rsquo;est une marche complexe \u00e0 travers des d\u00e9cors de r\u00eave. <\/p>\n\n\n\n<p>Une marche qui commencera au sentier Vidal qui est une voie d&rsquo;acc\u00e8s de sortie du canyon du verdon. il peut ensuite rejoindre le sentier de l&rsquo;Imbut. <\/p>\n\n\n\n<p>Le&nbsp;<strong>sentier Vidal<\/strong>&nbsp;est extr\u00eamement physique, soyez prudent ! Par contre le panorama est spectaculaire. Nombreux passages c\u00e2bl\u00e9s, \u00e9chelle m\u00e9tallique, chemin en zigzag \u00e0 tr\u00e8s fort d\u00e9nivel\u00e9.<\/p>\n\n\n\n<figure class=\"wp-block-image size-full\"><img loading=\"lazy\" decoding=\"async\" width=\"1000\" height=\"749\" src=\"https:\/\/site23.monsitecommeunpro.fr\/wp-content\/uploads\/2026\/03\/image.png\" alt=\"\" class=\"wp-image-75\" srcset=\"https:\/\/site23.monsitecommeunpro.fr\/wp-content\/uploads\/2026\/03\/image.png 1000w, https:\/\/site23.monsitecommeunpro.fr\/wp-content\/uploads\/2026\/03\/image-300x225.png 300w, https:\/\/site23.monsitecommeunpro.fr\/wp-content\/uploads\/2026\/03\/image-768x575.png 768w\" sizes=\"auto, (max-width: 1000px) 100vw, 1000px\" \/><\/figure>\n\n\n\n<p><\/p>\n\n\n\n<p><\/p>\n\n\n\n<p>Le parcours d\u00e9butant : <\/p>\n\n\n\n<p><strong>Le sentier Martel<\/strong> c\u2019est le chemin de randonn\u00e9e&nbsp;<strong>le plus connu du Verdon<\/strong>.  Il faut  compter un d\u00e9nivel\u00e9 de 600m pour rejoindre le&nbsp;<strong>chalet de la Maline<\/strong>. C&rsquo;est un all\u00e9 simple de 15 \u00e0 16 KM. Ce sentier s&rsquo;enfonce dans le Canyon, alternant falaise, tunnels, passages \u00e9troits et escalier. C\u2019est en effet&nbsp;une des plus belles randonn\u00e9es des Gorges du Verdon <\/p>\n\n\n\n<figure class=\"wp-block-image size-full\"><img loading=\"lazy\" decoding=\"async\" width=\"1000\" height=\"749\" src=\"https:\/\/site23.monsitecommeunpro.fr\/wp-content\/uploads\/2026\/03\/image-1.png\" alt=\"\" class=\"wp-image-88\" srcset=\"https:\/\/site23.monsitecommeunpro.fr\/wp-content\/uploads\/2026\/03\/image-1.png 1000w, https:\/\/site23.monsitecommeunpro.fr\/wp-content\/uploads\/2026\/03\/image-1-300x225.png 300w, https:\/\/site23.monsitecommeunpro.fr\/wp-content\/uploads\/2026\/03\/image-1-768x575.png 768w\" sizes=\"auto, (max-width: 1000px) 100vw, 1000px\" \/><\/figure>\n\n\n\n<p><\/p>\n\n\n\n<p><\/p>\n\n\n\n<p>Le parcours Expert : <\/p>\n\n\n\n<p>. Ces chemins ont la r\u00e9putation de faire la vie dure aux&nbsp;<strong>randonneurs<\/strong>&nbsp;du dimanche. Il faut s\u2019y aventurer avec les tripes pour ne pas y laisser des plumes. &nbsp;Le&nbsp;<strong>d\u00e9but du sentier Vidal<\/strong>&nbsp;est taill\u00e9 \u00e0 m\u00eame la roche dans un mur vertical, il est \u00e9troit, s\u00e9curis\u00e9 par une main courante, et haut d\u2019une quarantaine de m\u00e8tres.<\/p>\n\n\n\n<figure class=\"wp-block-image size-large\"><img loading=\"lazy\" decoding=\"async\" width=\"674\" height=\"1024\" src=\"https:\/\/site23.monsitecommeunpro.fr\/wp-content\/uploads\/2026\/03\/image-2-674x1024.png\" alt=\"\" class=\"wp-image-90\" srcset=\"https:\/\/site23.monsitecommeunpro.fr\/wp-content\/uploads\/2026\/03\/image-2-674x1024.png 674w, https:\/\/site23.monsitecommeunpro.fr\/wp-content\/uploads\/2026\/03\/image-2-197x300.png 197w, https:\/\/site23.monsitecommeunpro.fr\/wp-content\/uploads\/2026\/03\/image-2-768x1167.png 768w, https:\/\/site23.monsitecommeunpro.fr\/wp-content\/uploads\/2026\/03\/image-2.png 1000w\" sizes=\"auto, (max-width: 674px) 100vw, 674px\" \/><\/figure>\n\n\n\n<p><\/p>\n","protected":false},"excerpt":{"rendered":"<p>A l&rsquo;occasion du pont de l&rsquo;Ascension, Nous avons d\u00e9cid\u00e9 de fermer. Du jeudi 14 Mai inclus au Dimanche 17 Mai [&hellip;]<\/p>\n","protected":false},"author":1,"featured_media":0,"parent":0,"menu_order":0,"comment_status":"closed","ping_status":"closed","template":"","meta":{"_uag_custom_page_level_css":"","site-sidebar-layout":"default","site-content-layout":"","ast-site-content-layout":"default","site-content-style":"default","site-sidebar-style":"default","ast-global-header-display":"","ast-banner-title-visibility":"","ast-main-header-display":"","ast-hfb-above-header-display":"","ast-hfb-below-header-display":"","ast-hfb-mobile-header-display":"","site-post-title":"","ast-breadcrumbs-content":"","ast-featured-img":"","footer-sml-layout":"","theme-transparent-header-meta":"","adv-header-id-meta":"","stick-header-meta":"","header-above-stick-meta":"","header-main-stick-meta":"","header-below-stick-meta":"","astra-migrate-meta-layouts":"default","ast-page-background-enabled":"default","ast-page-background-meta":{"desktop":{"background-color":"var(--ast-global-color-5)","background-image":"","background-repeat":"repeat","background-position":"center center","background-size":"auto","background-attachment":"scroll","background-type":"","background-media":"","overlay-type":"","overlay-color":"","overlay-opacity":"","overlay-gradient":""},"tablet":{"background-color":"","background-image":"","background-repeat":"repeat","background-position":"center center","background-size":"auto","background-attachment":"scroll","background-type":"","background-media":"","overlay-type":"","overlay-color":"","overlay-opacity":"","overlay-gradient":""},"mobile":{"background-color":"","background-image":"","background-repeat":"repeat","background-position":"center center","background-size":"auto","background-attachment":"scroll","background-type":"","background-media":"","overlay-type":"","overlay-color":"","overlay-opacity":"","overlay-gradient":""}},"ast-content-background-meta":{"desktop":{"background-color":"var(--ast-global-color-4)","background-image":"","background-repeat":"repeat","background-position":"center center","background-size":"auto","background-attachment":"scroll","background-type":"","background-media":"","overlay-type":"","overlay-color":"","overlay-opacity":"","overlay-gradient":""},"tablet":{"background-color":"var(--ast-global-color-4)","background-image":"","background-repeat":"repeat","background-position":"center center","background-size":"auto","background-attachment":"scroll","background-type":"","background-media":"","overlay-type":"","overlay-color":"","overlay-opacity":"","overlay-gradient":""},"mobile":{"background-color":"var(--ast-global-color-4)","background-image":"","background-repeat":"repeat","background-position":"center center","background-size":"auto","background-attachment":"scroll","background-type":"","background-media":"","overlay-type":"","overlay-color":"","overlay-opacity":"","overlay-gradient":""}},"footnotes":""},"class_list":["post-70","page","type-page","status-publish","hentry"],"yoast_head":"<!-- This site is optimized with the Yoast SEO plugin v27.0 - https:\/\/yoast.com\/product\/yoast-seo-wordpress\/ -->\n<title>Gorges du Verdon -<\/title>\n<meta name=\"robots\" content=\"index, follow, max-snippet:-1, max-image-preview:large, max-video-preview:-1\" \/>\n<link rel=\"canonical\" href=\"https:\/\/site23.monsitecommeunpro.fr\/?page_id=70\" \/>\n<meta property=\"og:locale\" content=\"fr_FR\" \/>\n<meta property=\"og:type\" content=\"article\" \/>\n<meta property=\"og:title\" content=\"Gorges du Verdon -\" \/>\n<meta property=\"og:description\" content=\"A l&rsquo;occasion du pont de l&rsquo;Ascension, Nous avons d\u00e9cid\u00e9 de fermer. Du jeudi 14 Mai inclus au Dimanche 17 Mai [&hellip;]\" \/>\n<meta property=\"og:url\" content=\"https:\/\/site23.monsitecommeunpro.fr\/?page_id=70\" \/>\n<meta property=\"article:modified_time\" content=\"2026-04-13T08:37:25+00:00\" \/>\n<meta property=\"og:image\" content=\"https:\/\/site23.monsitecommeunpro.fr\/wp-content\/uploads\/2026\/03\/image.png\" \/>\n\t<meta property=\"og:image:width\" content=\"1000\" \/>\n\t<meta property=\"og:image:height\" content=\"749\" \/>\n\t<meta property=\"og:image:type\" content=\"image\/png\" \/>\n<meta name=\"twitter:card\" content=\"summary_large_image\" \/>\n<meta name=\"twitter:label1\" content=\"Dur\u00e9e de lecture estim\u00e9e\" \/>\n\t<meta name=\"twitter:data1\" content=\"2 minutes\" \/>\n<script type=\"application\/ld+json\" class=\"yoast-schema-graph\">{\"@context\":\"https:\/\/schema.org\",\"@graph\":[{\"@type\":\"WebPage\",\"@id\":\"https:\/\/site23.monsitecommeunpro.fr\/?page_id=70\",\"url\":\"https:\/\/site23.monsitecommeunpro.fr\/?page_id=70\",\"name\":\"Gorges du Verdon -\",\"isPartOf\":{\"@id\":\"https:\/\/site23.monsitecommeunpro.fr\/#website\"},\"primaryImageOfPage\":{\"@id\":\"https:\/\/site23.monsitecommeunpro.fr\/?page_id=70#primaryimage\"},\"image\":{\"@id\":\"https:\/\/site23.monsitecommeunpro.fr\/?page_id=70#primaryimage\"},\"thumbnailUrl\":\"https:\/\/site23.monsitecommeunpro.fr\/wp-content\/uploads\/2026\/03\/image.png\",\"datePublished\":\"2026-03-23T12:17:37+00:00\",\"dateModified\":\"2026-04-13T08:37:25+00:00\",\"breadcrumb\":{\"@id\":\"https:\/\/site23.monsitecommeunpro.fr\/?page_id=70#breadcrumb\"},\"inLanguage\":\"fr-FR\",\"potentialAction\":[{\"@type\":\"ReadAction\",\"target\":[\"https:\/\/site23.monsitecommeunpro.fr\/?page_id=70\"]}]},{\"@type\":\"ImageObject\",\"inLanguage\":\"fr-FR\",\"@id\":\"https:\/\/site23.monsitecommeunpro.fr\/?page_id=70#primaryimage\",\"url\":\"https:\/\/site23.monsitecommeunpro.fr\/wp-content\/uploads\/2026\/03\/image.png\",\"contentUrl\":\"https:\/\/site23.monsitecommeunpro.fr\/wp-content\/uploads\/2026\/03\/image.png\",\"width\":1000,\"height\":749},{\"@type\":\"BreadcrumbList\",\"@id\":\"https:\/\/site23.monsitecommeunpro.fr\/?page_id=70#breadcrumb\",\"itemListElement\":[{\"@type\":\"ListItem\",\"position\":1,\"name\":\"Accueil\",\"item\":\"https:\/\/site23.monsitecommeunpro.fr\/\"},{\"@type\":\"ListItem\",\"position\":2,\"name\":\"Gorges du Verdon\"}]},{\"@type\":\"WebSite\",\"@id\":\"https:\/\/site23.monsitecommeunpro.fr\/#website\",\"url\":\"https:\/\/site23.monsitecommeunpro.fr\/\",\"name\":\"\",\"description\":\"\",\"potentialAction\":[{\"@type\":\"SearchAction\",\"target\":{\"@type\":\"EntryPoint\",\"urlTemplate\":\"https:\/\/site23.monsitecommeunpro.fr\/?s={search_term_string}\"},\"query-input\":{\"@type\":\"PropertyValueSpecification\",\"valueRequired\":true,\"valueName\":\"search_term_string\"}}],\"inLanguage\":\"fr-FR\"}]}<\/script>\n<!-- \/ Yoast SEO plugin. -->","yoast_head_json":{"title":"Gorges du Verdon -","robots":{"index":"index","follow":"follow","max-snippet":"max-snippet:-1","max-image-preview":"max-image-preview:large","max-video-preview":"max-video-preview:-1"},"canonical":"https:\/\/site23.monsitecommeunpro.fr\/?page_id=70","og_locale":"fr_FR","og_type":"article","og_title":"Gorges du Verdon -","og_description":"A l&rsquo;occasion du pont de l&rsquo;Ascension, Nous avons d\u00e9cid\u00e9 de fermer. Du jeudi 14 Mai inclus au Dimanche 17 Mai [&hellip;]","og_url":"https:\/\/site23.monsitecommeunpro.fr\/?page_id=70","article_modified_time":"2026-04-13T08:37:25+00:00","og_image":[{"width":1000,"height":749,"url":"https:\/\/site23.monsitecommeunpro.fr\/wp-content\/uploads\/2026\/03\/image.png","type":"image\/png"}],"twitter_card":"summary_large_image","twitter_misc":{"Dur\u00e9e de lecture estim\u00e9e":"2 minutes"},"schema":{"@context":"https:\/\/schema.org","@graph":[{"@type":"WebPage","@id":"https:\/\/site23.monsitecommeunpro.fr\/?page_id=70","url":"https:\/\/site23.monsitecommeunpro.fr\/?page_id=70","name":"Gorges du Verdon -","isPartOf":{"@id":"https:\/\/site23.monsitecommeunpro.fr\/#website"},"primaryImageOfPage":{"@id":"https:\/\/site23.monsitecommeunpro.fr\/?page_id=70#primaryimage"},"image":{"@id":"https:\/\/site23.monsitecommeunpro.fr\/?page_id=70#primaryimage"},"thumbnailUrl":"https:\/\/site23.monsitecommeunpro.fr\/wp-content\/uploads\/2026\/03\/image.png","datePublished":"2026-03-23T12:17:37+00:00","dateModified":"2026-04-13T08:37:25+00:00","breadcrumb":{"@id":"https:\/\/site23.monsitecommeunpro.fr\/?page_id=70#breadcrumb"},"inLanguage":"fr-FR","potentialAction":[{"@type":"ReadAction","target":["https:\/\/site23.monsitecommeunpro.fr\/?page_id=70"]}]},{"@type":"ImageObject","inLanguage":"fr-FR","@id":"https:\/\/site23.monsitecommeunpro.fr\/?page_id=70#primaryimage","url":"https:\/\/site23.monsitecommeunpro.fr\/wp-content\/uploads\/2026\/03\/image.png","contentUrl":"https:\/\/site23.monsitecommeunpro.fr\/wp-content\/uploads\/2026\/03\/image.png","width":1000,"height":749},{"@type":"BreadcrumbList","@id":"https:\/\/site23.monsitecommeunpro.fr\/?page_id=70#breadcrumb","itemListElement":[{"@type":"ListItem","position":1,"name":"Accueil","item":"https:\/\/site23.monsitecommeunpro.fr\/"},{"@type":"ListItem","position":2,"name":"Gorges du Verdon"}]},{"@type":"WebSite","@id":"https:\/\/site23.monsitecommeunpro.fr\/#website","url":"https:\/\/site23.monsitecommeunpro.fr\/","name":"","description":"","potentialAction":[{"@type":"SearchAction","target":{"@type":"EntryPoint","urlTemplate":"https:\/\/site23.monsitecommeunpro.fr\/?s={search_term_string}"},"query-input":{"@type":"PropertyValueSpecification","valueRequired":true,"valueName":"search_term_string"}}],"inLanguage":"fr-FR"}]}},"uagb_featured_image_src":{"full":false,"thumbnail":false,"medium":false,"medium_large":false,"large":false,"1536x1536":false,"2048x2048":false},"uagb_author_info":{"display_name":"admin","author_link":"https:\/\/site23.monsitecommeunpro.fr\/?author=1"},"uagb_comment_info":0,"uagb_excerpt":"A l&rsquo;occasion du pont de l&rsquo;Ascension, Nous avons d\u00e9cid\u00e9 de fermer. Du jeudi 14 Mai inclus au Dimanche 17 Mai [&hellip;]","_links":{"self":[{"href":"https:\/\/site23.monsitecommeunpro.fr\/index.php?rest_route=\/wp\/v2\/pages\/70","targetHints":{"allow":["GET"]}}],"collection":[{"href":"https:\/\/site23.monsitecommeunpro.fr\/index.php?rest_route=\/wp\/v2\/pages"}],"about":[{"href":"https:\/\/site23.monsitecommeunpro.fr\/index.php?rest_route=\/wp\/v2\/types\/page"}],"author":[{"embeddable":true,"href":"https:\/\/site23.monsitecommeunpro.fr\/index.php?rest_route=\/wp\/v2\/users\/1"}],"replies":[{"embeddable":true,"href":"https:\/\/site23.monsitecommeunpro.fr\/index.php?rest_route=%2Fwp%2Fv2%2Fcomments&post=70"}],"version-history":[{"count":17,"href":"https:\/\/site23.monsitecommeunpro.fr\/index.php?rest_route=\/wp\/v2\/pages\/70\/revisions"}],"predecessor-version":[{"id":105,"href":"https:\/\/site23.monsitecommeunpro.fr\/index.php?rest_route=\/wp\/v2\/pages\/70\/revisions\/105"}],"wp:attachment":[{"href":"https:\/\/site23.monsitecommeunpro.fr\/index.php?rest_route=%2Fwp%2Fv2%2Fmedia&parent=70"}],"curies":[{"name":"wp","href":"https:\/\/api.w.org\/{rel}","templated":true}]}}